{"id":166,"date":"2013-07-19T13:35:16","date_gmt":"2013-07-19T13:35:16","guid":{"rendered":"https:\/\/www.horizontcare.de\/?page_id=166"},"modified":"2026-08-05T17:17:37","modified_gmt":"2026-08-05T15:17:37","slug":"team","status":"publish","type":"page","link":"https:\/\/www.horizontcare.de\/?page_id=166","title":{"rendered":"Team"},"content":{"rendered":"\n<div class=\"wp-block-media-text is-stacked-on-mobile\" style=\"grid-template-columns:25% auto\"><figure class=\"wp-block-media-text__media\"><img loading=\"lazy\" decoding=\"async\" width=\"200\" height=\"200\" src=\"https:\/\/www.horizontcare.de\/wp-content\/uploads\/2020\/11\/pohl_DSC_9321b.png\" alt=\"\" class=\"wp-image-2809 size-full\" srcset=\"https:\/\/www.horizontcare.de\/wp-content\/uploads\/2020\/11\/pohl_DSC_9321b.png 200w, https:\/\/www.horizontcare.de\/wp-content\/uploads\/2020\/11\/pohl_DSC_9321b-150x150.png 150w, https:\/\/www.horizontcare.de\/wp-content\/uploads\/2020\/11\/pohl_DSC_9321b-100x100.png 100w\" sizes=\"auto, (max-width: 200px) 100vw, 200px\" \/><\/figure><div class=\"wp-block-media-text__content\">\n<p class=\"wp-block-paragraph\"><strong>Detlef R. Pohl, Inhaber und Pflegedienstleiter<\/strong><br>Der Inhaber und Mitgr\u00fcnder von HorizontCare hat als ehemaliger Pflegedienstleiter im Universit\u00e4tsklinikum Schleswig-Holstein (UKSH) in L\u00fcbeck <a href=\"https:\/\/www.horizontcare.de\/?p=389\">jahrzehntelange Expertise<\/a> in der Pflege und in der F\u00fchrung von Mitarbeitern. Mit an Bord des Familienunternehmens des geb\u00fcrtigen Ratzeburgers sind seine Frau Barbara sowie die S\u00f6hne Eike, Jonas und Timon.<\/p>\n<\/div><\/div>\n\n\n\n<div class=\"wp-block-media-text has-media-on-the-right is-stacked-on-mobile\" style=\"grid-template-columns:auto 25%\"><div class=\"wp-block-media-text__content\">\n<p class=\"wp-block-paragraph\"><strong>Timon Kronenberg M.A., Gesch\u00e4ftsleiter<\/strong><br>seit 2017 bei HorizontCare; hat an der Freien Universit\u00e4t Berlin u.a. Publizistik- und Kommunikationswissenschaft mit Schwerpunkt \u00d6ffentlichkeitsarbeit studiert. Zuvor leitete er in Berlin beim Bundesverband Deutscher Stiftungen das Team Publikationen und war Chefredakteur des Magazins StiftungsWelt. Seinen Zivildienst absolvierte er als Rettungssanit\u00e4ter.<\/p>\n<\/div><figure class=\"wp-block-media-text__media\"><img loading=\"lazy\" decoding=\"async\" width=\"200\" height=\"201\" src=\"https:\/\/www.horizontcare.de\/wp-content\/uploads\/2022\/06\/xDSC_8814_kro.png\" alt=\"\" class=\"wp-image-3256 size-full\" srcset=\"https:\/\/www.horizontcare.de\/wp-content\/uploads\/2022\/06\/xDSC_8814_kro.png 200w, https:\/\/www.horizontcare.de\/wp-content\/uploads\/2022\/06\/xDSC_8814_kro-150x150.png 150w\" sizes=\"auto, (max-width: 200px) 100vw, 200px\" \/><\/figure><\/div>\n\n\n\n<div class=\"wp-block-media-text is-stacked-on-mobile\" style=\"grid-template-columns:25% auto\"><figure class=\"wp-block-media-text__media\"><img loading=\"lazy\" decoding=\"async\" width=\"200\" height=\"200\" src=\"https:\/\/www.horizontcare.de\/wp-content\/uploads\/2020\/11\/kanthack_DSC_7608b.png\" alt=\"\" class=\"wp-image-2807 size-full\" srcset=\"https:\/\/www.horizontcare.de\/wp-content\/uploads\/2020\/11\/kanthack_DSC_7608b.png 200w, https:\/\/www.horizontcare.de\/wp-content\/uploads\/2020\/11\/kanthack_DSC_7608b-150x150.png 150w, https:\/\/www.horizontcare.de\/wp-content\/uploads\/2020\/11\/kanthack_DSC_7608b-100x100.png 100w\" sizes=\"auto, (max-width: 200px) 100vw, 200px\" \/><\/figure><div class=\"wp-block-media-text__content\">\n<p class=\"wp-block-paragraph\"><strong>Anika Kanthack, stv. Pflegedienstleiterin<\/strong><br>Die Gesundheits- und Krankenpflegerin arbeitet bei HorizontCare als stellvertretende Pflegedienstleiterin. Ihre Ausbildung absolvierte sie im Universit\u00e4tsklinikum Schleswig-Holstein (UKSH), wo sie anschlie\u00dfend acht Jahre lang in der plastischen Chirurgie t\u00e4tig war. Als Praxisanleiterin k\u00fcmmert sie sich au\u00dferdem um die Einarbeitung neuer Mitarbeiter und die Ausbildung von Pflegekr\u00e4ften.<\/p>\n<\/div><\/div>\n\n\n\n<div class=\"wp-block-media-text has-media-on-the-right is-stacked-on-mobile\" style=\"grid-template-columns:auto 25%\"><div class=\"wp-block-media-text__content\">\n<p class=\"wp-block-paragraph\"><strong>Danilo R\u00f6der, Teamleiter \/ QM-Beauftragter<\/strong><br>Der Krankenpfleger ist verantwortlich f\u00fcr das \u00fcbergreifende Qualit\u00e4tsmanagement. Im Verlauf seiner beruflichen T\u00e4tigkeit bildete er sich zum Pflegedienstleiter, Fachpfleger f\u00fcr Menschen im Wachkoma und Wundpfleger fort. Seine dreij\u00e4hrige Ausbildung zum Krankenpfleger hat er im kirchlichen Lehrkrankenhaus Stift Bethlehem in Ludwigslust abgeschlossen. <\/p>\n<\/div><figure class=\"wp-block-media-text__media\"><img loading=\"lazy\" decoding=\"async\" width=\"200\" height=\"200\" src=\"https:\/\/www.horizontcare.de\/wp-content\/uploads\/2020\/11\/roeder_DSC_7429b.png\" alt=\"\" class=\"wp-image-2810 size-full\" srcset=\"https:\/\/www.horizontcare.de\/wp-content\/uploads\/2020\/11\/roeder_DSC_7429b.png 200w, https:\/\/www.horizontcare.de\/wp-content\/uploads\/2020\/11\/roeder_DSC_7429b-150x150.png 150w, https:\/\/www.horizontcare.de\/wp-content\/uploads\/2020\/11\/roeder_DSC_7429b-100x100.png 100w\" sizes=\"auto, (max-width: 200px) 100vw, 200px\" \/><\/figure><\/div>\n\n\n\n<h2 class=\"wp-block-heading\">Team Pflege<\/h2>\n\n\n\n<figure class=\"wp-block-gallery has-nested-images columns-3 is-cropped wp-block-gallery-1 is-layout-flex wp-block-gallery-is-layout-flex\">\n<figure class=\"wp-block-image size-full\"><img loading=\"lazy\" decoding=\"async\" width=\"200\" height=\"200\" data-id=\"4690\" src=\"https:\/\/www.horizontcare.de\/wp-content\/uploads\/2026\/07\/TZ9_5865.png\" alt=\"\" class=\"wp-image-4690\" srcset=\"https:\/\/www.horizontcare.de\/wp-content\/uploads\/2026\/07\/TZ9_5865.png 200w, https:\/\/www.horizontcare.de\/wp-content\/uploads\/2026\/07\/TZ9_5865-150x150.png 150w\" sizes=\"auto, (max-width: 200px) 100vw, 200px\" \/><figcaption class=\"wp-element-caption\">Katja Werner, Pflegeassistentin<\/figcaption><\/figure>\n\n\n\n<figure class=\"wp-block-image size-full\"><img loading=\"lazy\" decoding=\"async\" width=\"200\" height=\"200\" data-id=\"3110\" src=\"https:\/\/www.horizontcare.de\/wp-content\/uploads\/2021\/09\/DSC_3716b2.png\" alt=\"\" class=\"wp-image-3110\" srcset=\"https:\/\/www.horizontcare.de\/wp-content\/uploads\/2021\/09\/DSC_3716b2.png 200w, https:\/\/www.horizontcare.de\/wp-content\/uploads\/2021\/09\/DSC_3716b2-150x150.png 150w, https:\/\/www.horizontcare.de\/wp-content\/uploads\/2021\/09\/DSC_3716b2-100x100.png 100w\" sizes=\"auto, (max-width: 200px) 100vw, 200px\" \/><figcaption class=\"wp-element-caption\">Stephanie Kolodziejczak, Arzthelferin<\/figcaption><\/figure>\n\n\n\n<figure class=\"wp-block-image size-full\"><img loading=\"lazy\" decoding=\"async\" width=\"200\" height=\"200\" data-id=\"2776\" src=\"https:\/\/www.horizontcare.de\/wp-content\/uploads\/2020\/11\/fruechtenicht_KRO_6862_1.png\" alt=\"\" class=\"wp-image-2776\" srcset=\"https:\/\/www.horizontcare.de\/wp-content\/uploads\/2020\/11\/fruechtenicht_KRO_6862_1.png 200w, https:\/\/www.horizontcare.de\/wp-content\/uploads\/2020\/11\/fruechtenicht_KRO_6862_1-150x150.png 150w, https:\/\/www.horizontcare.de\/wp-content\/uploads\/2020\/11\/fruechtenicht_KRO_6862_1-100x100.png 100w\" sizes=\"auto, (max-width: 200px) 100vw, 200px\" \/><figcaption class=\"wp-element-caption\">Jonas Fr\u00fcchtenicht, Pflegeassistent<\/figcaption><\/figure>\n\n\n\n<figure class=\"wp-block-image size-full\"><img loading=\"lazy\" decoding=\"async\" width=\"200\" height=\"200\" data-id=\"2811\" src=\"https:\/\/www.horizontcare.de\/wp-content\/uploads\/2020\/11\/tetzlaff_DSC_7474b.png\" alt=\"\" class=\"wp-image-2811\" srcset=\"https:\/\/www.horizontcare.de\/wp-content\/uploads\/2020\/11\/tetzlaff_DSC_7474b.png 200w, https:\/\/www.horizontcare.de\/wp-content\/uploads\/2020\/11\/tetzlaff_DSC_7474b-150x150.png 150w, https:\/\/www.horizontcare.de\/wp-content\/uploads\/2020\/11\/tetzlaff_DSC_7474b-100x100.png 100w\" sizes=\"auto, (max-width: 200px) 100vw, 200px\" \/><figcaption class=\"wp-element-caption\">Martin Tetzlaff, Altenpfleger<\/figcaption><\/figure>\n\n\n\n<figure class=\"wp-block-image size-full\"><img loading=\"lazy\" decoding=\"async\" width=\"200\" height=\"200\" data-id=\"2796\" src=\"https:\/\/www.horizontcare.de\/wp-content\/uploads\/2020\/11\/roeder_DSC_7362b.png\" alt=\"\" class=\"wp-image-2796\" srcset=\"https:\/\/www.horizontcare.de\/wp-content\/uploads\/2020\/11\/roeder_DSC_7362b.png 200w, https:\/\/www.horizontcare.de\/wp-content\/uploads\/2020\/11\/roeder_DSC_7362b-150x150.png 150w, https:\/\/www.horizontcare.de\/wp-content\/uploads\/2020\/11\/roeder_DSC_7362b-100x100.png 100w\" sizes=\"auto, (max-width: 200px) 100vw, 200px\" \/><figcaption class=\"wp-element-caption\">Miriam R\u00f6der, Ges.-\/ Krankenpflegerin, Wundtherapeutin<\/figcaption><\/figure>\n\n\n\n<figure class=\"wp-block-image size-full\"><img loading=\"lazy\" decoding=\"async\" width=\"200\" height=\"200\" data-id=\"2781\" src=\"https:\/\/www.horizontcare.de\/wp-content\/uploads\/2020\/11\/wedding_KRO_2216.png\" alt=\"\" class=\"wp-image-2781\" srcset=\"https:\/\/www.horizontcare.de\/wp-content\/uploads\/2020\/11\/wedding_KRO_2216.png 200w, https:\/\/www.horizontcare.de\/wp-content\/uploads\/2020\/11\/wedding_KRO_2216-150x150.png 150w, https:\/\/www.horizontcare.de\/wp-content\/uploads\/2020\/11\/wedding_KRO_2216-100x100.png 100w\" sizes=\"auto, (max-width: 200px) 100vw, 200px\" \/><figcaption class=\"wp-element-caption\">Kirsten Wedding, Arzthelferin<\/figcaption><\/figure>\n\n\n\n<figure class=\"wp-block-image size-full\"><a href=\"https:\/\/www.horizontcare.de\/wp-content\/uploads\/2026\/08\/bente.png\"><img loading=\"lazy\" decoding=\"async\" width=\"200\" height=\"200\" data-id=\"4764\" src=\"https:\/\/www.horizontcare.de\/wp-content\/uploads\/2026\/08\/bente.png\" alt=\"\" class=\"wp-image-4764\" srcset=\"https:\/\/www.horizontcare.de\/wp-content\/uploads\/2026\/08\/bente.png 200w, https:\/\/www.horizontcare.de\/wp-content\/uploads\/2026\/08\/bente-150x150.png 150w\" sizes=\"auto, (max-width: 200px) 100vw, 200px\" \/><\/a><figcaption class=\"wp-element-caption\">Bente-Mara Baumgart, Gesundheits- und Krankenpflegerin<\/figcaption><\/figure>\n\n\n\n<figure class=\"wp-block-image size-full\"><img loading=\"lazy\" decoding=\"async\" width=\"200\" height=\"200\" data-id=\"3495\" src=\"https:\/\/www.horizontcare.de\/wp-content\/uploads\/2024\/04\/TZ9_2656b.png\" alt=\"\" class=\"wp-image-3495\" srcset=\"https:\/\/www.horizontcare.de\/wp-content\/uploads\/2024\/04\/TZ9_2656b.png 200w, https:\/\/www.horizontcare.de\/wp-content\/uploads\/2024\/04\/TZ9_2656b-150x150.png 150w\" sizes=\"auto, (max-width: 200px) 100vw, 200px\" \/><figcaption class=\"wp-element-caption\">Kerstin Jahns, Altenpflegerin<\/figcaption><\/figure>\n\n\n\n<figure class=\"wp-block-image size-full\"><img loading=\"lazy\" decoding=\"async\" width=\"200\" height=\"200\" data-id=\"2794\" src=\"https:\/\/www.horizontcare.de\/wp-content\/uploads\/2020\/11\/monnig_DSC_7445b.png\" alt=\"\" class=\"wp-image-2794\" srcset=\"https:\/\/www.horizontcare.de\/wp-content\/uploads\/2020\/11\/monnig_DSC_7445b.png 200w, https:\/\/www.horizontcare.de\/wp-content\/uploads\/2020\/11\/monnig_DSC_7445b-150x150.png 150w, https:\/\/www.horizontcare.de\/wp-content\/uploads\/2020\/11\/monnig_DSC_7445b-100x100.png 100w\" sizes=\"auto, (max-width: 200px) 100vw, 200px\" \/><figcaption class=\"wp-element-caption\">Sonja Monnig, Rettungsassistentin<\/figcaption><\/figure>\n\n\n\n<figure class=\"wp-block-image size-full\"><img loading=\"lazy\" decoding=\"async\" width=\"200\" height=\"200\" data-id=\"2777\" src=\"https:\/\/www.horizontcare.de\/wp-content\/uploads\/2020\/11\/lehnert_KRO_2368.png\" alt=\"\" class=\"wp-image-2777\" srcset=\"https:\/\/www.horizontcare.de\/wp-content\/uploads\/2020\/11\/lehnert_KRO_2368.png 200w, https:\/\/www.horizontcare.de\/wp-content\/uploads\/2020\/11\/lehnert_KRO_2368-150x150.png 150w, https:\/\/www.horizontcare.de\/wp-content\/uploads\/2020\/11\/lehnert_KRO_2368-100x100.png 100w\" sizes=\"auto, (max-width: 200px) 100vw, 200px\" \/><figcaption class=\"wp-element-caption\">Monique Lehnert, Altenpflegerin<\/figcaption><\/figure>\n\n\n\n<figure class=\"wp-block-image size-full\"><img loading=\"lazy\" decoding=\"async\" width=\"200\" height=\"200\" data-id=\"3516\" src=\"https:\/\/www.horizontcare.de\/wp-content\/uploads\/2024\/10\/TZ9_3688_Jens.png\" alt=\"\" class=\"wp-image-3516\" srcset=\"https:\/\/www.horizontcare.de\/wp-content\/uploads\/2024\/10\/TZ9_3688_Jens.png 200w, https:\/\/www.horizontcare.de\/wp-content\/uploads\/2024\/10\/TZ9_3688_Jens-150x150.png 150w\" sizes=\"auto, (max-width: 200px) 100vw, 200px\" \/><figcaption class=\"wp-element-caption\">Jens Kscheschinski, Altenpflegehelfer<\/figcaption><\/figure>\n\n\n\n<figure class=\"wp-block-image size-full\"><img loading=\"lazy\" decoding=\"async\" width=\"200\" height=\"200\" data-id=\"2782\" src=\"https:\/\/www.horizontcare.de\/wp-content\/uploads\/2020\/11\/westphal_DSC_9280b.png\" alt=\"\" class=\"wp-image-2782\" srcset=\"https:\/\/www.horizontcare.de\/wp-content\/uploads\/2020\/11\/westphal_DSC_9280b.png 200w, https:\/\/www.horizontcare.de\/wp-content\/uploads\/2020\/11\/westphal_DSC_9280b-150x150.png 150w, https:\/\/www.horizontcare.de\/wp-content\/uploads\/2020\/11\/westphal_DSC_9280b-100x100.png 100w\" sizes=\"auto, (max-width: 200px) 100vw, 200px\" \/><figcaption class=\"wp-element-caption\">Nicole Westphal, Krankenpflegehelferin<\/figcaption><\/figure>\n\n\n\n<figure class=\"wp-block-image size-full\"><img loading=\"lazy\" decoding=\"async\" width=\"200\" height=\"200\" data-id=\"2795\" src=\"https:\/\/www.horizontcare.de\/wp-content\/uploads\/2020\/11\/osterberg_DSC_7575b.png\" alt=\"\" class=\"wp-image-2795\" srcset=\"https:\/\/www.horizontcare.de\/wp-content\/uploads\/2020\/11\/osterberg_DSC_7575b.png 200w, https:\/\/www.horizontcare.de\/wp-content\/uploads\/2020\/11\/osterberg_DSC_7575b-150x150.png 150w, https:\/\/www.horizontcare.de\/wp-content\/uploads\/2020\/11\/osterberg_DSC_7575b-100x100.png 100w\" sizes=\"auto, (max-width: 200px) 100vw, 200px\" \/><figcaption class=\"wp-element-caption\">Susanne Osterberg, Kinderkrankenschwester<\/figcaption><\/figure>\n\n\n\n<figure class=\"wp-block-image size-full\"><img loading=\"lazy\" decoding=\"async\" width=\"200\" height=\"200\" data-id=\"4748\" src=\"https:\/\/www.horizontcare.de\/wp-content\/uploads\/2026\/07\/hannes.png\" alt=\"\" class=\"wp-image-4748\" srcset=\"https:\/\/www.horizontcare.de\/wp-content\/uploads\/2026\/07\/hannes.png 200w, https:\/\/www.horizontcare.de\/wp-content\/uploads\/2026\/07\/hannes-150x150.png 150w\" sizes=\"auto, (max-width: 200px) 100vw, 200px\" \/><figcaption class=\"wp-element-caption\">Hannes Durchschlag, Gesundheits- und Krankenpfleger<\/figcaption><\/figure>\n\n\n\n<figure class=\"wp-block-image size-full\"><img loading=\"lazy\" decoding=\"async\" width=\"200\" height=\"200\" data-id=\"4585\" src=\"https:\/\/www.horizontcare.de\/wp-content\/uploads\/2026\/01\/rebecca.png\" alt=\"\" class=\"wp-image-4585\" srcset=\"https:\/\/www.horizontcare.de\/wp-content\/uploads\/2026\/01\/rebecca.png 200w, https:\/\/www.horizontcare.de\/wp-content\/uploads\/2026\/01\/rebecca-150x150.png 150w\" sizes=\"auto, (max-width: 200px) 100vw, 200px\" \/><figcaption class=\"wp-element-caption\">Rebecca Porath, Altenpflegerin<\/figcaption><\/figure>\n\n\n\n<figure class=\"wp-block-image size-full\"><img loading=\"lazy\" decoding=\"async\" width=\"200\" height=\"200\" data-id=\"2815\" src=\"https:\/\/www.horizontcare.de\/wp-content\/uploads\/2020\/11\/canan_KRO_6395.png\" alt=\"\" class=\"wp-image-2815\" srcset=\"https:\/\/www.horizontcare.de\/wp-content\/uploads\/2020\/11\/canan_KRO_6395.png 200w, https:\/\/www.horizontcare.de\/wp-content\/uploads\/2020\/11\/canan_KRO_6395-150x150.png 150w, https:\/\/www.horizontcare.de\/wp-content\/uploads\/2020\/11\/canan_KRO_6395-100x100.png 100w\" sizes=\"auto, (max-width: 200px) 100vw, 200px\" \/><figcaption class=\"wp-element-caption\">Canan Topaloglu, Pflegeassistentin<\/figcaption><\/figure>\n\n\n\n<figure class=\"wp-block-image size-full\"><img loading=\"lazy\" decoding=\"async\" width=\"200\" height=\"200\" data-id=\"3514\" src=\"https:\/\/www.horizontcare.de\/wp-content\/uploads\/2024\/10\/TZ9_3544_Andreas.png\" alt=\"\" class=\"wp-image-3514\" srcset=\"https:\/\/www.horizontcare.de\/wp-content\/uploads\/2024\/10\/TZ9_3544_Andreas.png 200w, https:\/\/www.horizontcare.de\/wp-content\/uploads\/2024\/10\/TZ9_3544_Andreas-150x150.png 150w\" sizes=\"auto, (max-width: 200px) 100vw, 200px\" \/><figcaption class=\"wp-element-caption\">Andreas Walten, Krankenpfleger<\/figcaption><\/figure>\n\n\n\n<figure class=\"wp-block-image size-full\"><img loading=\"lazy\" decoding=\"async\" width=\"200\" height=\"200\" data-id=\"2784\" src=\"https:\/\/www.horizontcare.de\/wp-content\/uploads\/2020\/11\/schnee_DSC_7745b.png\" alt=\"\" class=\"wp-image-2784\" srcset=\"https:\/\/www.horizontcare.de\/wp-content\/uploads\/2020\/11\/schnee_DSC_7745b.png 200w, https:\/\/www.horizontcare.de\/wp-content\/uploads\/2020\/11\/schnee_DSC_7745b-150x150.png 150w, https:\/\/www.horizontcare.de\/wp-content\/uploads\/2020\/11\/schnee_DSC_7745b-100x100.png 100w\" sizes=\"auto, (max-width: 200px) 100vw, 200px\" \/><figcaption class=\"wp-element-caption\">Axel Schnee, Altenpflegehelfer<\/figcaption><\/figure>\n\n\n\n<figure class=\"wp-block-image size-full\"><a href=\"https:\/\/www.horizontcare.de\/wp-content\/uploads\/2026\/08\/mia-marie.png\"><img loading=\"lazy\" decoding=\"async\" width=\"200\" height=\"200\" data-id=\"4766\" src=\"https:\/\/www.horizontcare.de\/wp-content\/uploads\/2026\/08\/mia-marie.png\" alt=\"\" class=\"wp-image-4766\" srcset=\"https:\/\/www.horizontcare.de\/wp-content\/uploads\/2026\/08\/mia-marie.png 200w, https:\/\/www.horizontcare.de\/wp-content\/uploads\/2026\/08\/mia-marie-150x150.png 150w\" sizes=\"auto, (max-width: 200px) 100vw, 200px\" \/><\/a><figcaption class=\"wp-element-caption\">Mia-Marie G\u00fcnther (ab 1.10.), Altenpflegehelferin<\/figcaption><\/figure>\n\n\n\n<figure class=\"wp-block-image size-full\"><img loading=\"lazy\" decoding=\"async\" width=\"200\" height=\"200\" data-id=\"2789\" src=\"https:\/\/www.horizontcare.de\/wp-content\/uploads\/2020\/11\/braun_DSC_7629b.png\" alt=\"\" class=\"wp-image-2789\" srcset=\"https:\/\/www.horizontcare.de\/wp-content\/uploads\/2020\/11\/braun_DSC_7629b.png 200w, https:\/\/www.horizontcare.de\/wp-content\/uploads\/2020\/11\/braun_DSC_7629b-150x150.png 150w, https:\/\/www.horizontcare.de\/wp-content\/uploads\/2020\/11\/braun_DSC_7629b-100x100.png 100w\" sizes=\"auto, (max-width: 200px) 100vw, 200px\" \/><figcaption class=\"wp-element-caption\">Michael Braun, Gesundheits- und Pflegeassistent <\/figcaption><\/figure>\n\n\n\n<figure class=\"wp-block-image size-full\"><img loading=\"lazy\" decoding=\"async\" width=\"200\" height=\"200\" data-id=\"3412\" src=\"https:\/\/www.horizontcare.de\/wp-content\/uploads\/2023\/07\/TZ9_2062_Anja.png\" alt=\"\" class=\"wp-image-3412\" srcset=\"https:\/\/www.horizontcare.de\/wp-content\/uploads\/2023\/07\/TZ9_2062_Anja.png 200w, https:\/\/www.horizontcare.de\/wp-content\/uploads\/2023\/07\/TZ9_2062_Anja-150x150.png 150w\" sizes=\"auto, (max-width: 200px) 100vw, 200px\" \/><figcaption class=\"wp-element-caption\">Anja Debler, Krankenschwester<\/figcaption><\/figure>\n\n\n\n<figure class=\"wp-block-image size-full\"><img loading=\"lazy\" decoding=\"async\" width=\"200\" height=\"200\" data-id=\"3411\" src=\"https:\/\/www.horizontcare.de\/wp-content\/uploads\/2023\/07\/TZ9_2046_Jessica.png\" alt=\"\" class=\"wp-image-3411\" srcset=\"https:\/\/www.horizontcare.de\/wp-content\/uploads\/2023\/07\/TZ9_2046_Jessica.png 200w, https:\/\/www.horizontcare.de\/wp-content\/uploads\/2023\/07\/TZ9_2046_Jessica-150x150.png 150w\" sizes=\"auto, (max-width: 200px) 100vw, 200px\" \/><figcaption class=\"wp-element-caption\">Jessica Kaben, Kranken- und Altenpflegehelferin<\/figcaption><\/figure>\n\n\n\n<figure class=\"wp-block-image size-full\"><a href=\"https:\/\/www.horizontcare.de\/wp-content\/uploads\/2026\/08\/celin.png\"><img loading=\"lazy\" decoding=\"async\" width=\"200\" height=\"200\" data-id=\"4765\" src=\"https:\/\/www.horizontcare.de\/wp-content\/uploads\/2026\/08\/celin.png\" alt=\"\" class=\"wp-image-4765\" srcset=\"https:\/\/www.horizontcare.de\/wp-content\/uploads\/2026\/08\/celin.png 200w, https:\/\/www.horizontcare.de\/wp-content\/uploads\/2026\/08\/celin-150x150.png 150w\" sizes=\"auto, (max-width: 200px) 100vw, 200px\" \/><\/a><figcaption class=\"wp-element-caption\">Celin Flamming, Altenpflegerin<\/figcaption><\/figure>\n\n\n\n<figure class=\"wp-block-image size-full\"><img loading=\"lazy\" decoding=\"async\" width=\"200\" height=\"200\" data-id=\"3357\" src=\"https:\/\/www.horizontcare.de\/wp-content\/uploads\/2023\/01\/DSC_5961.png\" alt=\"\" class=\"wp-image-3357\" srcset=\"https:\/\/www.horizontcare.de\/wp-content\/uploads\/2023\/01\/DSC_5961.png 200w, https:\/\/www.horizontcare.de\/wp-content\/uploads\/2023\/01\/DSC_5961-150x150.png 150w\" sizes=\"auto, (max-width: 200px) 100vw, 200px\" \/><figcaption class=\"wp-element-caption\">Manja G\u00e4bel, Helferin in der Pflege<\/figcaption><\/figure>\n\n\n\n<figure class=\"wp-block-image size-full\"><img loading=\"lazy\" decoding=\"async\" width=\"200\" height=\"200\" data-id=\"3470\" src=\"https:\/\/www.horizontcare.de\/wp-content\/uploads\/2024\/02\/maja.png\" alt=\"\" class=\"wp-image-3470\" srcset=\"https:\/\/www.horizontcare.de\/wp-content\/uploads\/2024\/02\/maja.png 200w, https:\/\/www.horizontcare.de\/wp-content\/uploads\/2024\/02\/maja-150x150.png 150w\" sizes=\"auto, (max-width: 200px) 100vw, 200px\" \/><figcaption class=\"wp-element-caption\">Maja Roloff, Gesundheits- und Krankenpflegerin<\/figcaption><\/figure>\n\n\n\n<figure class=\"wp-block-image size-full\"><img loading=\"lazy\" decoding=\"async\" width=\"200\" height=\"200\" data-id=\"3294\" src=\"https:\/\/www.horizontcare.de\/wp-content\/uploads\/2022\/09\/DSC_1696.png\" alt=\"\" class=\"wp-image-3294\" srcset=\"https:\/\/www.horizontcare.de\/wp-content\/uploads\/2022\/09\/DSC_1696.png 200w, https:\/\/www.horizontcare.de\/wp-content\/uploads\/2022\/09\/DSC_1696-150x150.png 150w\" sizes=\"auto, (max-width: 200px) 100vw, 200px\" \/><figcaption class=\"wp-element-caption\">Jenniffer Bardowicks, Pflegeassistentin<\/figcaption><\/figure>\n\n\n\n<figure class=\"wp-block-image size-full\"><img loading=\"lazy\" decoding=\"async\" width=\"200\" height=\"200\" data-id=\"4584\" src=\"https:\/\/www.horizontcare.de\/wp-content\/uploads\/2026\/01\/kristin.png\" alt=\"\" class=\"wp-image-4584\" srcset=\"https:\/\/www.horizontcare.de\/wp-content\/uploads\/2026\/01\/kristin.png 200w, https:\/\/www.horizontcare.de\/wp-content\/uploads\/2026\/01\/kristin-150x150.png 150w\" sizes=\"auto, (max-width: 200px) 100vw, 200px\" \/><figcaption class=\"wp-element-caption\">Kristin Biehl, Altenpflegerin<\/figcaption><\/figure>\n<\/figure>\n\n\n\n<h2 class=\"wp-block-heading\">Team Haushalt \/ Betreuung<\/h2>\n\n\n\n<div class=\"wp-block-group has-global-padding is-layout-constrained wp-block-group-is-layout-constrained\">\n<figure class=\"wp-block-gallery has-nested-images columns-3 is-cropped wp-block-gallery-2 is-layout-flex wp-block-gallery-is-layout-flex\">\n<figure class=\"wp-block-image size-full\"><img loading=\"lazy\" decoding=\"async\" width=\"200\" height=\"200\" data-id=\"3111\" src=\"https:\/\/www.horizontcare.de\/wp-content\/uploads\/2021\/09\/DSC_3730b2.png\" alt=\"\" class=\"wp-image-3111\" srcset=\"https:\/\/www.horizontcare.de\/wp-content\/uploads\/2021\/09\/DSC_3730b2.png 200w, https:\/\/www.horizontcare.de\/wp-content\/uploads\/2021\/09\/DSC_3730b2-150x150.png 150w, https:\/\/www.horizontcare.de\/wp-content\/uploads\/2021\/09\/DSC_3730b2-100x100.png 100w\" sizes=\"auto, (max-width: 200px) 100vw, 200px\" \/><figcaption class=\"wp-element-caption\">Christina R\u00f6hrs, Haushaltsassistenz<\/figcaption><\/figure>\n\n\n\n<figure class=\"wp-block-image size-full\"><img loading=\"lazy\" decoding=\"async\" width=\"200\" height=\"200\" data-id=\"2751\" src=\"https:\/\/www.horizontcare.de\/wp-content\/uploads\/2020\/11\/moldenhauer-KRO_5338_1.png\" alt=\"\" class=\"wp-image-2751\" srcset=\"https:\/\/www.horizontcare.de\/wp-content\/uploads\/2020\/11\/moldenhauer-KRO_5338_1.png 200w, https:\/\/www.horizontcare.de\/wp-content\/uploads\/2020\/11\/moldenhauer-KRO_5338_1-150x150.png 150w, https:\/\/www.horizontcare.de\/wp-content\/uploads\/2020\/11\/moldenhauer-KRO_5338_1-100x100.png 100w\" sizes=\"auto, (max-width: 200px) 100vw, 200px\" \/><figcaption class=\"wp-element-caption\">Magdalena Moldenhauer, Haushaltsassistenz<\/figcaption><\/figure>\n\n\n\n<figure class=\"wp-block-image size-full\"><img loading=\"lazy\" decoding=\"async\" width=\"200\" height=\"200\" data-id=\"2955\" src=\"https:\/\/www.horizontcare.de\/wp-content\/uploads\/2021\/03\/KRO_5733.png\" alt=\"\" class=\"wp-image-2955\" srcset=\"https:\/\/www.horizontcare.de\/wp-content\/uploads\/2021\/03\/KRO_5733.png 200w, https:\/\/www.horizontcare.de\/wp-content\/uploads\/2021\/03\/KRO_5733-150x150.png 150w, https:\/\/www.horizontcare.de\/wp-content\/uploads\/2021\/03\/KRO_5733-100x100.png 100w\" sizes=\"auto, (max-width: 200px) 100vw, 200px\" \/><figcaption class=\"wp-element-caption\">Karena Martens, Haushaltsassistenz<\/figcaption><\/figure>\n\n\n\n<figure class=\"wp-block-image size-full\"><img loading=\"lazy\" decoding=\"async\" width=\"200\" height=\"200\" data-id=\"2754\" src=\"https:\/\/www.horizontcare.de\/wp-content\/uploads\/2020\/11\/flack_KRO_5472_1.png\" alt=\"\" class=\"wp-image-2754\" srcset=\"https:\/\/www.horizontcare.de\/wp-content\/uploads\/2020\/11\/flack_KRO_5472_1.png 200w, https:\/\/www.horizontcare.de\/wp-content\/uploads\/2020\/11\/flack_KRO_5472_1-150x150.png 150w, https:\/\/www.horizontcare.de\/wp-content\/uploads\/2020\/11\/flack_KRO_5472_1-100x100.png 100w\" sizes=\"auto, (max-width: 200px) 100vw, 200px\" \/><figcaption class=\"wp-element-caption\">Patricia Flack, Haushaltsassistenz<\/figcaption><\/figure>\n\n\n\n<figure class=\"wp-block-image size-full\"><img loading=\"lazy\" decoding=\"async\" width=\"200\" height=\"200\" data-id=\"2778\" src=\"https:\/\/www.horizontcare.de\/wp-content\/uploads\/2020\/11\/steenbock_KRO_2222.png\" alt=\"\" class=\"wp-image-2778\" srcset=\"https:\/\/www.horizontcare.de\/wp-content\/uploads\/2020\/11\/steenbock_KRO_2222.png 200w, https:\/\/www.horizontcare.de\/wp-content\/uploads\/2020\/11\/steenbock_KRO_2222-150x150.png 150w, https:\/\/www.horizontcare.de\/wp-content\/uploads\/2020\/11\/steenbock_KRO_2222-100x100.png 100w\" sizes=\"auto, (max-width: 200px) 100vw, 200px\" \/><figcaption class=\"wp-element-caption\">Melanie Steenbock, Betreuungskraft, Haushaltsassistenz<\/figcaption><\/figure>\n\n\n\n<figure class=\"wp-block-image size-full\"><img loading=\"lazy\" decoding=\"async\" width=\"200\" height=\"200\" data-id=\"3113\" src=\"https:\/\/www.horizontcare.de\/wp-content\/uploads\/2021\/09\/DSC_3749b2.png\" alt=\"\" class=\"wp-image-3113\" srcset=\"https:\/\/www.horizontcare.de\/wp-content\/uploads\/2021\/09\/DSC_3749b2.png 200w, https:\/\/www.horizontcare.de\/wp-content\/uploads\/2021\/09\/DSC_3749b2-150x150.png 150w, https:\/\/www.horizontcare.de\/wp-content\/uploads\/2021\/09\/DSC_3749b2-100x100.png 100w\" sizes=\"auto, (max-width: 200px) 100vw, 200px\" \/><figcaption class=\"wp-element-caption\">Anja Richter, Haushaltsassistenz<\/figcaption><\/figure>\n<\/figure>\n<\/div>\n\n\n\n<h2 class=\"wp-block-heading\">Team Familie<\/h2>\n\n\n\n<div class=\"wp-block-group has-global-padding is-layout-constrained wp-block-group-is-layout-constrained\">\n<div class=\"wp-block-columns is-layout-flex wp-container-core-columns-is-layout-5fb07882 wp-block-columns-is-layout-flex\">\n<div class=\"wp-block-column is-layout-flow wp-block-column-is-layout-flow\" style=\"flex-basis:100%\">\n<figure class=\"wp-block-gallery has-nested-images columns-3 is-cropped wp-block-gallery-3 is-layout-flex wp-block-gallery-is-layout-flex\">\n<figure class=\"wp-block-image size-full\"><img loading=\"lazy\" decoding=\"async\" width=\"200\" height=\"200\" data-id=\"2809\" src=\"https:\/\/www.horizontcare.de\/wp-content\/uploads\/2020\/11\/pohl_DSC_9321b.png\" alt=\"\" class=\"wp-image-2809\" srcset=\"https:\/\/www.horizontcare.de\/wp-content\/uploads\/2020\/11\/pohl_DSC_9321b.png 200w, https:\/\/www.horizontcare.de\/wp-content\/uploads\/2020\/11\/pohl_DSC_9321b-150x150.png 150w, https:\/\/www.horizontcare.de\/wp-content\/uploads\/2020\/11\/pohl_DSC_9321b-100x100.png 100w\" sizes=\"auto, (max-width: 200px) 100vw, 200px\" \/><figcaption class=\"wp-element-caption\">Detlef Pohl, Inhaber\/PDL<\/figcaption><\/figure>\n\n\n\n<figure class=\"wp-block-image size-full\"><img loading=\"lazy\" decoding=\"async\" width=\"200\" height=\"189\" data-id=\"2764\" src=\"https:\/\/www.horizontcare.de\/wp-content\/uploads\/2020\/11\/kira_KRO_3431.png\" alt=\"\" class=\"wp-image-2764\"\/><figcaption class=\"wp-element-caption\">Kira, stellvertretend f\u00fcr die Goldies<\/figcaption><\/figure>\n\n\n\n<figure class=\"wp-block-image size-full\"><img loading=\"lazy\" decoding=\"async\" width=\"200\" height=\"201\" data-id=\"3256\" src=\"https:\/\/www.horizontcare.de\/wp-content\/uploads\/2022\/06\/xDSC_8814_kro.png\" alt=\"\" class=\"wp-image-3256\" srcset=\"https:\/\/www.horizontcare.de\/wp-content\/uploads\/2022\/06\/xDSC_8814_kro.png 200w, https:\/\/www.horizontcare.de\/wp-content\/uploads\/2022\/06\/xDSC_8814_kro-150x150.png 150w\" sizes=\"auto, (max-width: 200px) 100vw, 200px\" \/><figcaption class=\"wp-element-caption\">Timon Kronenberg, GL<\/figcaption><\/figure>\n\n\n\n<figure class=\"wp-block-image size-full\"><img loading=\"lazy\" decoding=\"async\" width=\"200\" height=\"200\" data-id=\"2818\" src=\"https:\/\/www.horizontcare.de\/wp-content\/uploads\/2020\/11\/pohl_bDSC_9018.png\" alt=\"\" class=\"wp-image-2818\" srcset=\"https:\/\/www.horizontcare.de\/wp-content\/uploads\/2020\/11\/pohl_bDSC_9018.png 200w, https:\/\/www.horizontcare.de\/wp-content\/uploads\/2020\/11\/pohl_bDSC_9018-150x150.png 150w, https:\/\/www.horizontcare.de\/wp-content\/uploads\/2020\/11\/pohl_bDSC_9018-100x100.png 100w\" sizes=\"auto, (max-width: 200px) 100vw, 200px\" \/><figcaption class=\"wp-element-caption\">Barbara Pohl, Gesundheits- und Krankenpflegerin<\/figcaption><\/figure>\n\n\n\n<figure class=\"wp-block-image size-full\"><img loading=\"lazy\" decoding=\"async\" width=\"200\" height=\"200\" data-id=\"2803\" src=\"https:\/\/www.horizontcare.de\/wp-content\/uploads\/2020\/11\/kroeger_DSC_7331b.png\" alt=\"\" class=\"wp-image-2803\" srcset=\"https:\/\/www.horizontcare.de\/wp-content\/uploads\/2020\/11\/kroeger_DSC_7331b.png 200w, https:\/\/www.horizontcare.de\/wp-content\/uploads\/2020\/11\/kroeger_DSC_7331b-150x150.png 150w, https:\/\/www.horizontcare.de\/wp-content\/uploads\/2020\/11\/kroeger_DSC_7331b-100x100.png 100w\" sizes=\"auto, (max-width: 200px) 100vw, 200px\" \/><figcaption class=\"wp-element-caption\">Jonas Kr\u00f6ger, Verwaltung<\/figcaption><\/figure>\n\n\n\n<figure class=\"wp-block-image size-full\"><img loading=\"lazy\" decoding=\"async\" width=\"200\" height=\"200\" data-id=\"2988\" src=\"https:\/\/www.horizontcare.de\/wp-content\/uploads\/2021\/07\/grau2-4.png\" alt=\"\" class=\"wp-image-2988\" srcset=\"https:\/\/www.horizontcare.de\/wp-content\/uploads\/2021\/07\/grau2-4.png 200w, https:\/\/www.horizontcare.de\/wp-content\/uploads\/2021\/07\/grau2-4-150x150.png 150w, https:\/\/www.horizontcare.de\/wp-content\/uploads\/2021\/07\/grau2-4-100x100.png 100w\" sizes=\"auto, (max-width: 200px) 100vw, 200px\" \/><figcaption class=\"wp-element-caption\">Eike T. Pohl, Verwaltung<\/figcaption><\/figure>\n<\/figure>\n<\/div>\n<\/div>\n<\/div>\n\n\n\n<hr class=\"wp-block-separator has-css-opacity is-style-dots\"\/>\n\n\n\n<p class=\"wp-block-paragraph\"><\/p>\n","protected":false},"excerpt":{"rendered":"<p>Detlef R. Pohl, Inhaber und PflegedienstleiterDer Inhaber und Mitgr\u00fcnder von HorizontCare hat als ehemaliger Pflegedienstleiter im Universit\u00e4tsklinikum Schleswig-Holstein (UKSH) in L\u00fcbeck jahrzehntelange Expertise in der Pflege und in der F\u00fchrung von Mitarbeitern. Mit an Bord des Familienunternehmens des geb\u00fcrtigen Ratzeburgers sind seine Frau Barbara sowie die S\u00f6hne Eike, Jonas und Timon. Timon Kronenberg M.A., Gesch\u00e4ftsleiterseit [&hellip;]<\/p>\n","protected":false},"author":2,"featured_media":0,"parent":0,"menu_order":0,"comment_status":"closed","ping_status":"closed","template":"","meta":{"footnotes":""},"class_list":["post-166","page","type-page","status-publish","hentry"],"_links":{"self":[{"href":"https:\/\/www.horizontcare.de\/index.php?rest_route=\/wp\/v2\/pages\/166","targetHints":{"allow":["GET"]}}],"collection":[{"href":"https:\/\/www.horizontcare.de\/index.php?rest_route=\/wp\/v2\/pages"}],"about":[{"href":"https:\/\/www.horizontcare.de\/index.php?rest_route=\/wp\/v2\/types\/page"}],"author":[{"embeddable":true,"href":"https:\/\/www.horizontcare.de\/index.php?rest_route=\/wp\/v2\/users\/2"}],"replies":[{"embeddable":true,"href":"https:\/\/www.horizontcare.de\/index.php?rest_route=%2Fwp%2Fv2%2Fcomments&post=166"}],"version-history":[{"count":499,"href":"https:\/\/www.horizontcare.de\/index.php?rest_route=\/wp\/v2\/pages\/166\/revisions"}],"predecessor-version":[{"id":4769,"href":"https:\/\/www.horizontcare.de\/index.php?rest_route=\/wp\/v2\/pages\/166\/revisions\/4769"}],"wp:attachment":[{"href":"https:\/\/www.horizontcare.de\/index.php?rest_route=%2Fwp%2Fv2%2Fmedia&parent=166"}],"curies":[{"name":"wp","href":"https:\/\/api.w.org\/{rel}","templated":true}]}}